{"id":1377,"date":"2016-06-16T11:48:41","date_gmt":"2016-06-16T14:48:41","guid":{"rendered":"https:\/\/www.reabilitar.org.br\/ceir\/?page_id=1377"},"modified":"2019-11-14T11:27:37","modified_gmt":"2019-11-14T14:27:37","slug":"visitas","status":"publish","type":"page","link":"https:\/\/www.reabilitar.org.br\/ceir\/visitas\/","title":{"rendered":"Visite-nos! \u2764"},"content":{"rendered":"<hr \/>\n<h3 style=\"text-align: justify;\"><span style=\"color: #ff0000;\">Infelizmente, estamos com as visitas provisoriamente suspensas, mas n\u00e3o se preocupem, que assim elas estiverem liberadas avisaremos por aqui.\u00a0<em>?<\/em><\/span><\/h3>\n<hr \/>\n<p style=\"text-align: center;\"><em>Deseja\u00a0conhecer de perto o nosso Centro?\u00a0<\/em><\/p>\n<hr \/>\n\n\t\t<style type=\"text\/css\">\n\t\t\t#gallery-1 {\n\t\t\t\tmargin: auto;\n\t\t\t}\n\t\t\t#gallery-1 .gallery-item {\n\t\t\t\tfloat: left;\n\t\t\t\tmargin-top: 10px;\n\t\t\t\ttext-align: center;\n\t\t\t\twidth: 20%;\n\t\t\t}\n\t\t\t#gallery-1 img {\n\t\t\t\tborder: 2px solid #cfcfcf;\n\t\t\t}\n\t\t\t#gallery-1 .gallery-caption {\n\t\t\t\tmargin-left: 0;\n\t\t\t}\n\t\t\t\/* see gallery_shortcode() in wp-includes\/media.php *\/\n\t\t<\/style>\n\t\t<div id='gallery-1' class='gallery galleryid-1377 gallery-columns-5 gallery-size-thumbnail'><dl class='gallery-item'>\n\t\t\t<dt class='gallery-icon landscape'>\n\t\t\t\t<a href='https:\/\/www.reabilitar.org.br\/ceir\/visitas\/img-20160512-wa0006\/'><img width=\"150\" height=\"150\" src=\"https:\/\/www.reabilitar.org.br\/ceir\/wp-content\/uploads\/2016\/06\/IMG-20160512-WA0006-150x150.jpg\" class=\"attachment-thumbnail size-thumbnail\" alt=\"\" loading=\"lazy\" \/><\/a>\n\t\t\t<\/dt><\/dl><dl class='gallery-item'>\n\t\t\t<dt class='gallery-icon landscape'>\n\t\t\t\t<a href='https:\/\/www.reabilitar.org.br\/ceir\/visitas\/12118667_881124588589235_1204539836939166176_n\/'><img width=\"150\" height=\"150\" src=\"https:\/\/www.reabilitar.org.br\/ceir\/wp-content\/uploads\/2016\/06\/12118667_881124588589235_1204539836939166176_n-150x150.jpg\" class=\"attachment-thumbnail size-thumbnail\" alt=\"\" loading=\"lazy\" \/><\/a>\n\t\t\t<\/dt><\/dl><dl class='gallery-item'>\n\t\t\t<dt class='gallery-icon landscape'>\n\t\t\t\t<a href='https:\/\/www.reabilitar.org.br\/ceir\/visitas\/12227783_885919781443049_8077473955032531045_n\/'><img width=\"150\" height=\"150\" src=\"https:\/\/www.reabilitar.org.br\/ceir\/wp-content\/uploads\/2016\/06\/12227783_885919781443049_8077473955032531045_n-150x150.jpg\" class=\"attachment-thumbnail size-thumbnail\" alt=\"\" loading=\"lazy\" \/><\/a>\n\t\t\t<\/dt><\/dl><dl class='gallery-item'>\n\t\t\t<dt class='gallery-icon landscape'>\n\t\t\t\t<a href='https:\/\/www.reabilitar.org.br\/ceir\/visitas\/12800352_931124156922611_2307919868828207737_n-3\/'><img width=\"150\" height=\"150\" src=\"https:\/\/www.reabilitar.org.br\/ceir\/wp-content\/uploads\/2016\/06\/12800352_931124156922611_2307919868828207737_n-2-150x150.jpg\" class=\"attachment-thumbnail size-thumbnail\" alt=\"\" loading=\"lazy\" \/><\/a>\n\t\t\t<\/dt><\/dl><dl class='gallery-item'>\n\t\t\t<dt class='gallery-icon landscape'>\n\t\t\t\t<a href='https:\/\/www.reabilitar.org.br\/ceir\/visitas\/12802940_937856632916030_331690647956443086_n-3\/'><img width=\"150\" height=\"150\" src=\"https:\/\/www.reabilitar.org.br\/ceir\/wp-content\/uploads\/2016\/06\/12802940_937856632916030_331690647956443086_n-2-150x150.jpg\" class=\"attachment-thumbnail size-thumbnail\" alt=\"\" loading=\"lazy\" \/><\/a>\n\t\t\t<\/dt><\/dl><br style=\"clear: both\" \/>\n\t\t<\/div>\n\n<hr \/>\n<p style=\"text-align: justify;\"><span style=\"color: #ff0000;\"><strong>Para nos visitar\u00a0\u00e9 simples!<br \/>\n<\/strong><\/span><\/p>\n<hr \/>\n<p style=\"text-align: justify;\"><span style=\"color: #000000;\"><strong>1\u00b0 \u2013\u00a0Deixe um of\u00edcio em nosso Centro solicitando a visita;<\/strong><\/span><\/p>\n<hr \/>\n<p><span style=\"color: #000000;\"><strong>Os crit\u00e9rios de an\u00e1lise s\u00e3o:\u00a0<\/strong><\/span><\/p>\n<p><span style=\"color: #000000;\"><em>*Data solicitada &#8211; <\/em>as visitas s\u00e3o realizadas somente nas sextas-feiras;<\/span><\/p>\n<p><span style=\"color: #000000;\"><em>*Quantidade de visitantes &#8211;<\/em> s\u00f3 \u00e9 permitido o m\u00e1ximo de 15 pessoas por hor\u00e1rio.<\/span><\/p>\n<hr \/>\n<p><span style=\"color: #000000;\"><strong>2\u00b0 &#8211; No prazo de sete dias ser\u00e1 emitido o parecer. Em caso de favor\u00e1vel, marcamos o dia e hor\u00e1rio da sua visita.\u00a0<\/strong><\/span><\/p>\n<hr \/>\n<p style=\"text-align: right;\"><strong><span style=\"color: #ff0000;\">+ <a style=\"color: #ff0000;\" href=\"https:\/\/www.reabilitar.org.br\/ceir\/tag\/visita-ao-ceir\/\" target=\"_blank\" rel=\"noopener\">Not\u00edcias<\/a><\/span><\/strong><\/p>\n<hr \/>\n<p style=\"text-align: center;\"><span style=\"color: #0000ff;\"><b>Para mais informa\u00e7\u00f5es e esclarecimentos:<\/b><\/span><\/p>\n<p style=\"text-align: center;\"><span style=\"color: #0000ff;\"><b>(86) 3198-1500 ou\u00a0<b>ceir@ceir.org.br<\/b><\/b><\/span><\/p>\n<hr \/>\n<p style=\"text-align: center;\">Estamos localizados na Avenida Higino Cunha, N\u00ba 1515, no Bairro Ilhotas, em Teresina \u2013 Piau\u00ed.<\/p>\n<hr \/>\n<h6><span style=\"color: #808080;\">\u00a0Texto: Cl\u00e1udia Alves\u00a0\u2013 Comunica\u00e7\u00e3o\u00a0Ceir<\/span><\/h6>\n<hr \/>\n","protected":false},"excerpt":{"rendered":"<p>Infelizmente, estamos com as visitas provisoriamente suspensas, mas n\u00e3o se preocupem, que assim elas estiverem liberadas avisaremos por aqui.\u00a0? Deseja\u00a0conhecer de perto o nosso Centro?\u00a0 Para nos visitar\u00a0\u00e9 simples! 1\u00b0 \u2013\u00a0Deixe um of\u00edcio em nosso Centro solicitando a visita; Os crit\u00e9rios de an\u00e1lise s\u00e3o:\u00a0 *Data solicitada &#8211; as visitas s\u00e3o realizadas somente nas sextas-feiras; *Quantidade [&hellip;]<\/p>\n","protected":false},"author":2,"featured_media":0,"parent":0,"menu_order":0,"comment_status":"closed","ping_status":"closed","template":"","meta":[],"acf":[],"_links":{"self":[{"href":"https:\/\/www.reabilitar.org.br\/ceir\/wp-json\/wp\/v2\/pages\/1377"}],"collection":[{"href":"https:\/\/www.reabilitar.org.br\/ceir\/wp-json\/wp\/v2\/pages"}],"about":[{"href":"https:\/\/www.reabilitar.org.br\/ceir\/wp-json\/wp\/v2\/types\/page"}],"author":[{"embeddable":true,"href":"https:\/\/www.reabilitar.org.br\/ceir\/wp-json\/wp\/v2\/users\/2"}],"replies":[{"embeddable":true,"href":"https:\/\/www.reabilitar.org.br\/ceir\/wp-json\/wp\/v2\/comments?post=1377"}],"version-history":[{"count":21,"href":"https:\/\/www.reabilitar.org.br\/ceir\/wp-json\/wp\/v2\/pages\/1377\/revisions"}],"predecessor-version":[{"id":11513,"href":"https:\/\/www.reabilitar.org.br\/ceir\/wp-json\/wp\/v2\/pages\/1377\/revisions\/11513"}],"wp:attachment":[{"href":"https:\/\/www.reabilitar.org.br\/ceir\/wp-json\/wp\/v2\/media?parent=1377"}],"curies":[{"name":"wp","href":"https:\/\/api.w.org\/{rel}","templated":true}]}}