{"id":172,"date":"2016-03-28T00:51:34","date_gmt":"2016-03-28T00:51:34","guid":{"rendered":"https:\/\/www.reabilitar.org.br\/ceir\/?page_id=172"},"modified":"2022-11-23T10:45:34","modified_gmt":"2022-11-23T13:45:34","slug":"nossa-historia","status":"publish","type":"page","link":"https:\/\/www.reabilitar.org.br\/ceir\/nossa-historia\/","title":{"rendered":"Nossa hist\u00f3ria"},"content":{"rendered":"<hr \/>\n<p style=\"text-align: center;\"><em>No dia 5 de maio de 2008, fomos inaugurados para realizar atendimentos de m\u00e9dia e alta complexidade voltados para pessoas com defici\u00eancia no Piau\u00ed.<\/em><\/p>\n<hr \/>\n<p>&nbsp;<\/p>\n\n\t\t<style type=\"text\/css\">\n\t\t\t#gallery-1 {\n\t\t\t\tmargin: auto;\n\t\t\t}\n\t\t\t#gallery-1 .gallery-item {\n\t\t\t\tfloat: left;\n\t\t\t\tmargin-top: 10px;\n\t\t\t\ttext-align: center;\n\t\t\t\twidth: 20%;\n\t\t\t}\n\t\t\t#gallery-1 img {\n\t\t\t\tborder: 2px solid #cfcfcf;\n\t\t\t}\n\t\t\t#gallery-1 .gallery-caption {\n\t\t\t\tmargin-left: 0;\n\t\t\t}\n\t\t\t\/* see gallery_shortcode() in wp-includes\/media.php *\/\n\t\t<\/style>\n\t\t<div id='gallery-1' class='gallery galleryid-172 gallery-columns-5 gallery-size-thumbnail'><dl class='gallery-item'>\n\t\t\t<dt class='gallery-icon landscape'>\n\t\t\t\t<a href='https:\/\/www.reabilitar.org.br\/ceir\/nossa-historia\/e250a6df29_grande-768x512\/'><img width=\"150\" height=\"150\" src=\"https:\/\/www.reabilitar.org.br\/ceir\/wp-content\/uploads\/2016\/03\/e250a6df29_grande-768x512-1-150x150.jpg\" class=\"attachment-thumbnail size-thumbnail\" alt=\"\" loading=\"lazy\" \/><\/a>\n\t\t\t<\/dt><\/dl><dl class='gallery-item'>\n\t\t\t<dt class='gallery-icon landscape'>\n\t\t\t\t<a href='https:\/\/www.reabilitar.org.br\/ceir\/nossa-historia\/11951328_858850324149995_5057736459730921683_n-2\/'><img width=\"150\" height=\"150\" src=\"https:\/\/www.reabilitar.org.br\/ceir\/wp-content\/uploads\/2016\/03\/11951328_858850324149995_5057736459730921683_n-150x150.jpg\" class=\"attachment-thumbnail size-thumbnail\" alt=\"\" loading=\"lazy\" \/><\/a>\n\t\t\t<\/dt><\/dl><dl class='gallery-item'>\n\t\t\t<dt class='gallery-icon landscape'>\n\t\t\t\t<a href='https:\/\/www.reabilitar.org.br\/ceir\/nossa-historia\/12346360_896762603692100_1125798416512839160_n\/'><img width=\"150\" height=\"150\" src=\"https:\/\/www.reabilitar.org.br\/ceir\/wp-content\/uploads\/2016\/03\/12346360_896762603692100_1125798416512839160_n-150x150.jpg\" class=\"attachment-thumbnail size-thumbnail\" alt=\"\" loading=\"lazy\" \/><\/a>\n\t\t\t<\/dt><\/dl><dl class='gallery-item'>\n\t\t\t<dt class='gallery-icon landscape'>\n\t\t\t\t<a href='https:\/\/www.reabilitar.org.br\/ceir\/nossa-historia\/12800228_935818453119848_970570048236812643_n\/'><img width=\"150\" height=\"150\" src=\"https:\/\/www.reabilitar.org.br\/ceir\/wp-content\/uploads\/2016\/03\/12800228_935818453119848_970570048236812643_n-150x150.jpg\" class=\"attachment-thumbnail size-thumbnail\" alt=\"\" loading=\"lazy\" \/><\/a>\n\t\t\t<\/dt><\/dl><dl class='gallery-item'>\n\t\t\t<dt class='gallery-icon landscape'>\n\t\t\t\t<a href='https:\/\/www.reabilitar.org.br\/ceir\/nossa-historia\/15078615_1111870315514660_9153702319526862255_n\/'><img width=\"150\" height=\"150\" src=\"https:\/\/www.reabilitar.org.br\/ceir\/wp-content\/uploads\/2016\/03\/15078615_1111870315514660_9153702319526862255_n-150x150.jpg\" class=\"attachment-thumbnail size-thumbnail\" alt=\"\" loading=\"lazy\" \/><\/a>\n\t\t\t<\/dt><\/dl><br style=\"clear: both\" \/><dl class='gallery-item'>\n\t\t\t<dt class='gallery-icon landscape'>\n\t\t\t\t<a href='https:\/\/www.reabilitar.org.br\/ceir\/nossa-historia\/nossa-historia-2-768x511\/'><img width=\"150\" height=\"150\" src=\"https:\/\/www.reabilitar.org.br\/ceir\/wp-content\/uploads\/2016\/03\/Nossa-Hist\u00f3ria-2-768x511-1-150x150.jpg\" class=\"attachment-thumbnail size-thumbnail\" alt=\"\" loading=\"lazy\" \/><\/a>\n\t\t\t<\/dt><\/dl><dl class='gallery-item'>\n\t\t\t<dt class='gallery-icon landscape'>\n\t\t\t\t<a href='https:\/\/www.reabilitar.org.br\/ceir\/nossa-historia\/capoeira-02\/'><img width=\"150\" height=\"150\" src=\"https:\/\/www.reabilitar.org.br\/ceir\/wp-content\/uploads\/2016\/03\/capoeira-02-150x150.jpg\" class=\"attachment-thumbnail size-thumbnail\" alt=\"\" loading=\"lazy\" \/><\/a>\n\t\t\t<\/dt><\/dl><dl class='gallery-item'>\n\t\t\t<dt class='gallery-icon landscape'>\n\t\t\t\t<a href='https:\/\/www.reabilitar.org.br\/ceir\/nossa-historia\/dsc_0078-2-2\/'><img width=\"150\" height=\"150\" src=\"https:\/\/www.reabilitar.org.br\/ceir\/wp-content\/uploads\/2016\/03\/DSC_0078-2-150x150.jpg\" class=\"attachment-thumbnail size-thumbnail\" alt=\"\" loading=\"lazy\" \/><\/a>\n\t\t\t<\/dt><\/dl><dl class='gallery-item'>\n\t\t\t<dt class='gallery-icon landscape'>\n\t\t\t\t<a href='https:\/\/www.reabilitar.org.br\/ceir\/nossa-historia\/dsc_0088-1\/'><img width=\"150\" height=\"150\" src=\"https:\/\/www.reabilitar.org.br\/ceir\/wp-content\/uploads\/2016\/03\/DSC_0088-1-150x150.jpg\" class=\"attachment-thumbnail size-thumbnail\" alt=\"\" loading=\"lazy\" \/><\/a>\n\t\t\t<\/dt><\/dl><dl class='gallery-item'>\n\t\t\t<dt class='gallery-icon landscape'>\n\t\t\t\t<a href='https:\/\/www.reabilitar.org.br\/ceir\/clinica-de-microcefalia-do-ceir\/'><img width=\"150\" height=\"150\" src=\"https:\/\/www.reabilitar.org.br\/ceir\/wp-content\/uploads\/2017\/09\/Cl\u00ednica-de-Microcefalia-do-Ceir-150x150.jpg\" class=\"attachment-thumbnail size-thumbnail\" alt=\"\" loading=\"lazy\" \/><\/a>\n\t\t\t<\/dt><\/dl><br style=\"clear: both\" \/>\n\t\t<\/div>\n\n<hr \/>\n<p style=\"text-align: justify;\">A nossa hist\u00f3ria come\u00e7ou a partir de um sonho: o de milhares de pessoas com defici\u00eancia no Piau\u00ed. E para todo sonho se tornar realidade \u00e9 preciso de pessoas para lutar por ele.<\/p>\n<p style=\"text-align: justify;\">Somos resultado de uma a\u00e7\u00e3o do <span style=\"color: #008000;\"><a style=\"color: #008000;\" href=\"http:\/\/www.piaui.pi.gov.br\/\" target=\"_blank\" rel=\"noopener\">Governo do Estad<\/a><a style=\"color: #008000;\" href=\"http:\/\/www.piaui.pi.gov.br\/\" target=\"_blank\" rel=\"noopener\">o<\/a><\/span> em parceria com o <span style=\"color: #008000;\"><a style=\"color: #008000;\" href=\"http:\/\/www.brasil.gov.br\/\" target=\"_blank\" rel=\"noopener\">Governo Federal<\/a> <\/span>e geridos pela <span style=\"color: #008000;\"><a style=\"color: #008000;\" href=\"https:\/\/www.reabilitar.org.br\/ceir\/associacao-reabilitar\/\" target=\"_blank\" rel=\"noopener\">Associa\u00e7\u00e3o Reabilitar<\/a><\/span>, organiza\u00e7\u00e3o social sem fins lucrativos reconhecida como de utilidade p\u00fablica e de interesse social pelo Governo do Piau\u00ed e pela Prefeitura de Teresina.<\/p>\n<p style=\"text-align: justify;\">Nascemos para ser refer\u00eancia na presta\u00e7\u00e3o de servi\u00e7os de aten\u00e7\u00e3o \u00e0 sa\u00fade, especialmente voltados para a habilita\u00e7\u00e3o, reabilita\u00e7\u00e3o e readapta\u00e7\u00e3o da pessoa com defici\u00eancia.<\/p>\n<p style=\"text-align: justify;\">E somos qualificados pelo Minist\u00e9rio da Sa\u00fade como Centro Especializado em Reabilita\u00e7\u00e3o (CER) III para cuidar do tratamento de pessoas com defici\u00eancia f\u00edsico-motora, auditiva e intelectual.<\/p>\n<p style=\"text-align: justify;\">Em nossa casa, temos tr\u00eas alas: a da reabilita\u00e7\u00e3o, com consult\u00f3rios e salas de terapias, tr\u00eas piscinas, a \u00e1rea de reabilita\u00e7\u00e3o P\u00f3s-Covid e um audit\u00f3rio; o do <span style=\"color: #008000;\"><a style=\"color: #008000;\" href=\"https:\/\/www.reabilitar.org.br\/ceir\/centro-de-diagnostico\/\" target=\"_blank\" rel=\"noopener\">Centro de Diagn\u00f3stico<\/a><\/span>, que possui equipamentos de \u00faltima gera\u00e7\u00e3o e profissionais especializados para garantir mais conforto e seguran\u00e7a na realiza\u00e7\u00e3o de mais de 100 tipos de procedimentos e exames; e a da <span style=\"color: #008000;\"><a style=\"color: #008000;\" href=\"https:\/\/www.reabilitar.org.br\/ceir\/oficina-ortopedica\/\" target=\"_blank\" rel=\"noopener\">Oficina Ortop\u00e9dica<\/a><\/span>, onde produtos essenciais no processo de reabilita\u00e7\u00e3o da pessoa com defici\u00eancia s\u00e3o confeccionados e concedidos sob medida. Todos os nossos atendimentos s\u00e3o via Sistema \u00danico de Sa\u00fade (SUS).<\/p>\n<p style=\"text-align: justify;\">Todo sonho tamb\u00e9m nasce espelhado em outros que admiramos e deram certo. N\u00f3s fomos constru\u00eddos nos moldes da <span style=\"color: #008000;\"><a style=\"color: #008000;\" href=\"https:\/\/aacd.org.br\/\" target=\"_blank\" rel=\"noopener\">AACD<\/a><\/span>, de S\u00e3o Paulo, e do <span style=\"color: #008000;\"><a style=\"color: #008000;\" href=\"http:\/\/www.agirgo.org.br\/crer\/\" target=\"_blank\" rel=\"noopener\">CRER<\/a><\/span>, de Goi\u00e2nia, com quem realizamos lindas parcerias.<\/p>\n<p style=\"text-align: justify;\">Existimos porque acreditamos na reabilita\u00e7\u00e3o e na supera\u00e7\u00e3o da pessoa com defici\u00eancia, acreditamos nas suas potencialidades e por isso trabalhamos para reintegr\u00e1-la na sociedade, no mercado de trabalho e na sua fam\u00edlia, conquistando o seu espa\u00e7o e, principalmente, respeito.<\/p>\n<p style=\"text-align: justify;\">Antes de enxergarmos o paciente, enxergamos a pessoa. E isso faz toda a diferen\u00e7a no que fazemos.<\/p>\n<p style=\"text-align: justify;\">Prazer, somos o Ceir Piau\u00ed!\u00a0\u2764\ufe0f<\/p>\n<hr \/>\n<h6 style=\"text-align: justify;\"><span style=\"color: #808080;\">\u00a0Texto: Cl\u00e1udia Alves\u00a0\u2013 Comunica\u00e7\u00e3o\u00a0Ceir<\/span><\/h6>\n<hr \/>\n<p style=\"text-align: justify;\">\n","protected":false},"excerpt":{"rendered":"<p>No dia 5 de maio de 2008, fomos inaugurados para realizar atendimentos de m\u00e9dia e alta complexidade voltados para pessoas com defici\u00eancia no Piau\u00ed. &nbsp; A nossa hist\u00f3ria come\u00e7ou a partir de um sonho: o de milhares de pessoas com defici\u00eancia no Piau\u00ed. E para todo sonho se tornar realidade \u00e9 preciso de pessoas para [&hellip;]<\/p>\n","protected":false},"author":2,"featured_media":0,"parent":0,"menu_order":0,"comment_status":"closed","ping_status":"closed","template":"","meta":[],"acf":[],"_links":{"self":[{"href":"https:\/\/www.reabilitar.org.br\/ceir\/wp-json\/wp\/v2\/pages\/172"}],"collection":[{"href":"https:\/\/www.reabilitar.org.br\/ceir\/wp-json\/wp\/v2\/pages"}],"about":[{"href":"https:\/\/www.reabilitar.org.br\/ceir\/wp-json\/wp\/v2\/types\/page"}],"author":[{"embeddable":true,"href":"https:\/\/www.reabilitar.org.br\/ceir\/wp-json\/wp\/v2\/users\/2"}],"replies":[{"embeddable":true,"href":"https:\/\/www.reabilitar.org.br\/ceir\/wp-json\/wp\/v2\/comments?post=172"}],"version-history":[{"count":47,"href":"https:\/\/www.reabilitar.org.br\/ceir\/wp-json\/wp\/v2\/pages\/172\/revisions"}],"predecessor-version":[{"id":13109,"href":"https:\/\/www.reabilitar.org.br\/ceir\/wp-json\/wp\/v2\/pages\/172\/revisions\/13109"}],"wp:attachment":[{"href":"https:\/\/www.reabilitar.org.br\/ceir\/wp-json\/wp\/v2\/media?parent=172"}],"curies":[{"name":"wp","href":"https:\/\/api.w.org\/{rel}","templated":true}]}}