{"id":179,"date":"2016-03-28T00:53:30","date_gmt":"2016-03-28T00:53:30","guid":{"rendered":"https:\/\/www.reabilitar.org.br\/ceir\/?page_id=179"},"modified":"2022-11-23T10:37:44","modified_gmt":"2022-11-23T13:37:44","slug":"como-fazemos","status":"publish","type":"page","link":"https:\/\/www.reabilitar.org.br\/ceir\/como-fazemos\/","title":{"rendered":"Como fazemos"},"content":{"rendered":"<hr \/>\n<p style=\"text-align: center;\"><em>Somos resultado de uma a\u00e7\u00e3o do Governo do Estado em parceria com o Governo Federal e geridos pela Associa\u00e7\u00e3o Reabilitar, organiza\u00e7\u00e3o social sem fins lucrativos reconhecida como de utilidade p\u00fablica e de interesse social, pelo Governo do Piau\u00ed e pela Prefeitura de Teresina.<\/em><\/p>\n<hr \/>\n\n\t\t<style type=\"text\/css\">\n\t\t\t#gallery-1 {\n\t\t\t\tmargin: auto;\n\t\t\t}\n\t\t\t#gallery-1 .gallery-item {\n\t\t\t\tfloat: left;\n\t\t\t\tmargin-top: 10px;\n\t\t\t\ttext-align: center;\n\t\t\t\twidth: 20%;\n\t\t\t}\n\t\t\t#gallery-1 img {\n\t\t\t\tborder: 2px solid #cfcfcf;\n\t\t\t}\n\t\t\t#gallery-1 .gallery-caption {\n\t\t\t\tmargin-left: 0;\n\t\t\t}\n\t\t\t\/* see gallery_shortcode() in wp-includes\/media.php *\/\n\t\t<\/style>\n\t\t<div id='gallery-1' class='gallery galleryid-179 gallery-columns-5 gallery-size-thumbnail'><dl class='gallery-item'>\n\t\t\t<dt class='gallery-icon landscape'>\n\t\t\t\t<a href='https:\/\/www.reabilitar.org.br\/ceir\/como-fazemos\/15621878_1144627272238964_9190019811120753740_n\/'><img width=\"150\" height=\"150\" src=\"https:\/\/www.reabilitar.org.br\/ceir\/wp-content\/uploads\/2016\/03\/15621878_1144627272238964_9190019811120753740_n-150x150.jpg\" class=\"attachment-thumbnail size-thumbnail\" alt=\"\" loading=\"lazy\" \/><\/a>\n\t\t\t<\/dt><\/dl><dl class='gallery-item'>\n\t\t\t<dt class='gallery-icon landscape'>\n\t\t\t\t<a href='https:\/\/www.reabilitar.org.br\/ceir\/como-fazemos\/15202756_1120322881336070_7261899957542809907_n\/'><img width=\"150\" height=\"150\" src=\"https:\/\/www.reabilitar.org.br\/ceir\/wp-content\/uploads\/2016\/03\/15202756_1120322881336070_7261899957542809907_n-150x150.jpg\" class=\"attachment-thumbnail size-thumbnail\" alt=\"\" loading=\"lazy\" \/><\/a>\n\t\t\t<\/dt><\/dl><dl class='gallery-item'>\n\t\t\t<dt class='gallery-icon landscape'>\n\t\t\t\t<a href='https:\/\/www.reabilitar.org.br\/ceir\/como-fazemos\/15032873_1111867835514908_584255190075774607_n\/'><img width=\"150\" height=\"150\" src=\"https:\/\/www.reabilitar.org.br\/ceir\/wp-content\/uploads\/2016\/03\/15032873_1111867835514908_584255190075774607_n-150x150.jpg\" class=\"attachment-thumbnail size-thumbnail\" alt=\"\" loading=\"lazy\" \/><\/a>\n\t\t\t<\/dt><\/dl><dl class='gallery-item'>\n\t\t\t<dt class='gallery-icon landscape'>\n\t\t\t\t<a href='https:\/\/www.reabilitar.org.br\/ceir\/como-fazemos\/15940592_1164995533535471_5845570591326862023_n\/'><img width=\"150\" height=\"150\" src=\"https:\/\/www.reabilitar.org.br\/ceir\/wp-content\/uploads\/2016\/03\/15940592_1164995533535471_5845570591326862023_n-150x150.jpg\" class=\"attachment-thumbnail size-thumbnail\" alt=\"\" loading=\"lazy\" \/><\/a>\n\t\t\t<\/dt><\/dl><dl class='gallery-item'>\n\t\t\t<dt class='gallery-icon landscape'>\n\t\t\t\t<a href='https:\/\/www.reabilitar.org.br\/ceir\/como-fazemos\/15219587_1121559874545704_8374560587410309230_n\/'><img width=\"150\" height=\"150\" src=\"https:\/\/www.reabilitar.org.br\/ceir\/wp-content\/uploads\/2016\/03\/15219587_1121559874545704_8374560587410309230_n-150x150.jpg\" class=\"attachment-thumbnail size-thumbnail\" alt=\"\" loading=\"lazy\" \/><\/a>\n\t\t\t<\/dt><\/dl><br style=\"clear: both\" \/><dl class='gallery-item'>\n\t\t\t<dt class='gallery-icon landscape'>\n\t\t\t\t<a href='https:\/\/www.reabilitar.org.br\/ceir\/como-fazemos\/1918821_906310699403957_2862673937664925552_n\/'><img width=\"150\" height=\"150\" src=\"https:\/\/www.reabilitar.org.br\/ceir\/wp-content\/uploads\/2016\/03\/1918821_906310699403957_2862673937664925552_n-150x150.jpg\" class=\"attachment-thumbnail size-thumbnail\" alt=\"\" loading=\"lazy\" \/><\/a>\n\t\t\t<\/dt><\/dl><dl class='gallery-item'>\n\t\t\t<dt class='gallery-icon landscape'>\n\t\t\t\t<a href='https:\/\/www.reabilitar.org.br\/ceir\/como-fazemos\/11220466_847061531995541_8682310822048364966_n\/'><img width=\"150\" height=\"150\" src=\"https:\/\/www.reabilitar.org.br\/ceir\/wp-content\/uploads\/2016\/03\/11220466_847061531995541_8682310822048364966_n-150x150.jpg\" class=\"attachment-thumbnail size-thumbnail\" alt=\"\" loading=\"lazy\" \/><\/a>\n\t\t\t<\/dt><\/dl><dl class='gallery-item'>\n\t\t\t<dt class='gallery-icon landscape'>\n\t\t\t\t<a href='https:\/\/www.reabilitar.org.br\/ceir\/como-fazemos\/13087388_966540930047600_7955893021718715401_n\/'><img width=\"150\" height=\"150\" src=\"https:\/\/www.reabilitar.org.br\/ceir\/wp-content\/uploads\/2016\/03\/13087388_966540930047600_7955893021718715401_n-150x150.jpg\" class=\"attachment-thumbnail size-thumbnail\" alt=\"\" loading=\"lazy\" \/><\/a>\n\t\t\t<\/dt><\/dl><dl class='gallery-item'>\n\t\t\t<dt class='gallery-icon landscape'>\n\t\t\t\t<a href='https:\/\/www.reabilitar.org.br\/ceir\/como-fazemos\/13557720_1006775509357475_7450272599146588056_n\/'><img width=\"150\" height=\"150\" src=\"https:\/\/www.reabilitar.org.br\/ceir\/wp-content\/uploads\/2016\/03\/13557720_1006775509357475_7450272599146588056_n-150x150.jpg\" class=\"attachment-thumbnail size-thumbnail\" alt=\"\" loading=\"lazy\" \/><\/a>\n\t\t\t<\/dt><\/dl><dl class='gallery-item'>\n\t\t\t<dt class='gallery-icon landscape'>\n\t\t\t\t<a href='https:\/\/www.reabilitar.org.br\/ceir\/como-fazemos\/13606854_1006775322690827_817779719635025035_n\/'><img width=\"150\" height=\"150\" src=\"https:\/\/www.reabilitar.org.br\/ceir\/wp-content\/uploads\/2016\/03\/13606854_1006775322690827_817779719635025035_n-150x150.jpg\" class=\"attachment-thumbnail size-thumbnail\" alt=\"\" loading=\"lazy\" \/><\/a>\n\t\t\t<\/dt><\/dl><br style=\"clear: both\" \/>\n\t\t<\/div>\n\n<p>&nbsp;<\/p>\n<p>&nbsp;<\/p>\n<hr \/>\n<p style=\"text-align: justify;\">A <span style=\"color: #008000;\"><a style=\"color: #008000;\" href=\"https:\/\/www.reabilitar.org.br\/ceir\/associacao-reabilitar\/\" target=\"_blank\" rel=\"noopener\">Associa\u00e7\u00e3o Reabilitar<\/a><\/span> administra o nosso Centro desde a nossa funda\u00e7\u00e3o, em 2008, por meio de contrato de gest\u00e3o firmado com a Secretaria de Estado da Sa\u00fade do Piau\u00ed (<span style=\"color: #008000;\"><a style=\"color: #008000;\" href=\"http:\/\/www.saude.pi.gov.br\/\" target=\"_blank\" rel=\"noopener\">Sesapi<\/a><\/span>).<\/p>\n<p style=\"text-align: justify;\">A cada ano s\u00e3o pactuadas metas de atendimento com o Governo do Estado, sob acompanhamento de uma comiss\u00e3o formada pela Sesapi que avalia os resultados anuais.<\/p>\n<p style=\"text-align: justify;\">Para administrar o nosso Centro, a Associa\u00e7\u00e3o Reabilitar recebe recursos do contrato de gest\u00e3o, em parcelas mensais, e da concess\u00e3o de produtos ortop\u00e9dicos, realizada pela <span style=\"color: #008000;\"><a style=\"color: #008000;\" href=\"https:\/\/www.reabilitar.org.br\/ceir\/oficina-ortopedica\/\" target=\"_blank\" rel=\"noopener\">Oficina Ortop\u00e9dica<\/a><\/span>, para o Sistema \u00danico de Sa\u00fade (SUS).<\/p>\n<p style=\"text-align: justify;\">A organiza\u00e7\u00e3o social tamb\u00e9m pode celebrar conv\u00eanios e contratos com entidades p\u00fablicas, privadas, inclusive financeiras, nacionais e internacionais. Al\u00e9m disso, podemos receber doa\u00e7\u00f5es de pessoas f\u00edsicas ou jur\u00eddicas para a nossa manuten\u00e7\u00e3o.<\/p>\n<p style=\"text-align: justify;\">A Associa\u00e7\u00e3o Reabilitar possui mais de 200 colaboradores prestando servi\u00e7os em nosso Centro. A modalidade desse tipo de gest\u00e3o otimiza recursos humanos e financeiros, al\u00e9m de primar pela qualidade nos procedimentos administrativos, transpar\u00eancia, desburocratiza\u00e7\u00e3o, descentraliza\u00e7\u00e3o de a\u00e7\u00f5es e informa\u00e7\u00f5es e pela excel\u00eancia no atendimento.<\/p>\n<hr \/>\n<h6 style=\"text-align: justify;\"><span style=\"color: #808080;\">\u00a0Texto: Cl\u00e1udia Alves\u00a0\u2013 Comunica\u00e7\u00e3o\u00a0Ceir<\/span><\/h6>\n<hr \/>\n<p style=\"text-align: justify;\">\n","protected":false},"excerpt":{"rendered":"<p>Somos resultado de uma a\u00e7\u00e3o do Governo do Estado em parceria com o Governo Federal e geridos pela Associa\u00e7\u00e3o Reabilitar, organiza\u00e7\u00e3o social sem fins lucrativos reconhecida como de utilidade p\u00fablica e de interesse social, pelo Governo do Piau\u00ed e pela Prefeitura de Teresina. &nbsp; &nbsp; A Associa\u00e7\u00e3o Reabilitar administra o nosso Centro desde a nossa [&hellip;]<\/p>\n","protected":false},"author":2,"featured_media":0,"parent":0,"menu_order":0,"comment_status":"closed","ping_status":"closed","template":"","meta":[],"acf":[],"_links":{"self":[{"href":"https:\/\/www.reabilitar.org.br\/ceir\/wp-json\/wp\/v2\/pages\/179"}],"collection":[{"href":"https:\/\/www.reabilitar.org.br\/ceir\/wp-json\/wp\/v2\/pages"}],"about":[{"href":"https:\/\/www.reabilitar.org.br\/ceir\/wp-json\/wp\/v2\/types\/page"}],"author":[{"embeddable":true,"href":"https:\/\/www.reabilitar.org.br\/ceir\/wp-json\/wp\/v2\/users\/2"}],"replies":[{"embeddable":true,"href":"https:\/\/www.reabilitar.org.br\/ceir\/wp-json\/wp\/v2\/comments?post=179"}],"version-history":[{"count":20,"href":"https:\/\/www.reabilitar.org.br\/ceir\/wp-json\/wp\/v2\/pages\/179\/revisions"}],"predecessor-version":[{"id":13106,"href":"https:\/\/www.reabilitar.org.br\/ceir\/wp-json\/wp\/v2\/pages\/179\/revisions\/13106"}],"wp:attachment":[{"href":"https:\/\/www.reabilitar.org.br\/ceir\/wp-json\/wp\/v2\/media?parent=179"}],"curies":[{"name":"wp","href":"https:\/\/api.w.org\/{rel}","templated":true}]}}