{"id":194,"date":"2016-03-28T00:57:18","date_gmt":"2016-03-28T00:57:18","guid":{"rendered":"https:\/\/www.reabilitar.org.br\/ceir\/?page_id=194"},"modified":"2022-01-24T09:00:40","modified_gmt":"2022-01-24T12:00:40","slug":"corpo-clinico","status":"publish","type":"page","link":"https:\/\/www.reabilitar.org.br\/ceir\/corpo-clinico\/","title":{"rendered":"Corpo Cl\u00ednico"},"content":{"rendered":"<hr \/>\n<p style=\"text-align: center;\"><em>Aqui voc\u00ea encontra um corpo cl\u00ednico com especialistas altamente qualificados para atender \u00e0s necessidades de cada pessoa com defici\u00eancia.<\/em><\/p>\n<hr \/>\n\n\t\t<style type=\"text\/css\">\n\t\t\t#gallery-1 {\n\t\t\t\tmargin: auto;\n\t\t\t}\n\t\t\t#gallery-1 .gallery-item {\n\t\t\t\tfloat: left;\n\t\t\t\tmargin-top: 10px;\n\t\t\t\ttext-align: center;\n\t\t\t\twidth: 25%;\n\t\t\t}\n\t\t\t#gallery-1 img {\n\t\t\t\tborder: 2px solid #cfcfcf;\n\t\t\t}\n\t\t\t#gallery-1 .gallery-caption {\n\t\t\t\tmargin-left: 0;\n\t\t\t}\n\t\t\t\/* see gallery_shortcode() in wp-includes\/media.php *\/\n\t\t<\/style>\n\t\t<div id='gallery-1' class='gallery galleryid-194 gallery-columns-4 gallery-size-thumbnail'><dl class='gallery-item'>\n\t\t\t<dt class='gallery-icon landscape'>\n\t\t\t\t<a href='https:\/\/www.reabilitar.org.br\/ceir\/corpo-clinico\/enfermagem-2\/'><img width=\"150\" height=\"150\" src=\"https:\/\/www.reabilitar.org.br\/ceir\/wp-content\/uploads\/2016\/03\/Enfermagem-1-150x150.jpg\" class=\"attachment-thumbnail size-thumbnail\" alt=\"\" loading=\"lazy\" \/><\/a>\n\t\t\t<\/dt><\/dl><dl class='gallery-item'>\n\t\t\t<dt class='gallery-icon landscape'>\n\t\t\t\t<a href='https:\/\/www.reabilitar.org.br\/ceir\/corpo-clinico\/neuropediatria-2\/'><img width=\"150\" height=\"150\" src=\"https:\/\/www.reabilitar.org.br\/ceir\/wp-content\/uploads\/2016\/03\/Neuropediatria-1-150x150.jpg\" class=\"attachment-thumbnail size-thumbnail\" alt=\"\" loading=\"lazy\" \/><\/a>\n\t\t\t<\/dt><\/dl><dl class='gallery-item'>\n\t\t\t<dt class='gallery-icon landscape'>\n\t\t\t\t<a href='https:\/\/www.reabilitar.org.br\/ceir\/corpo-clinico\/13043692_961588107209549_2653206154966187672_n\/'><img width=\"150\" height=\"150\" src=\"https:\/\/www.reabilitar.org.br\/ceir\/wp-content\/uploads\/2016\/03\/13043692_961588107209549_2653206154966187672_n-150x150.jpg\" class=\"attachment-thumbnail size-thumbnail\" alt=\"\" loading=\"lazy\" \/><\/a>\n\t\t\t<\/dt><\/dl><dl class='gallery-item'>\n\t\t\t<dt class='gallery-icon landscape'>\n\t\t\t\t<a href='https:\/\/www.reabilitar.org.br\/ceir\/corpo-clinico\/13055553_966227606745599_3038606696721831438_n-2\/'><img width=\"150\" height=\"150\" src=\"https:\/\/www.reabilitar.org.br\/ceir\/wp-content\/uploads\/2016\/03\/13055553_966227606745599_3038606696721831438_n-150x150.jpg\" class=\"attachment-thumbnail size-thumbnail\" alt=\"\" loading=\"lazy\" \/><\/a>\n\t\t\t<\/dt><\/dl><br style=\"clear: both\" \/><dl class='gallery-item'>\n\t\t\t<dt class='gallery-icon landscape'>\n\t\t\t\t<a href='https:\/\/www.reabilitar.org.br\/ceir\/corpo-clinico\/13094150_966418686726491_6182311352245639519_n\/'><img width=\"150\" height=\"150\" src=\"https:\/\/www.reabilitar.org.br\/ceir\/wp-content\/uploads\/2016\/03\/13094150_966418686726491_6182311352245639519_n-150x150.jpg\" class=\"attachment-thumbnail size-thumbnail\" alt=\"\" loading=\"lazy\" \/><\/a>\n\t\t\t<\/dt><\/dl><dl class='gallery-item'>\n\t\t\t<dt class='gallery-icon landscape'>\n\t\t\t\t<a href='https:\/\/www.reabilitar.org.br\/ceir\/corpo-clinico\/13102881_965735320128161_8445521480022812995_n\/'><img width=\"150\" height=\"150\" src=\"https:\/\/www.reabilitar.org.br\/ceir\/wp-content\/uploads\/2016\/03\/13102881_965735320128161_8445521480022812995_n-150x150.jpg\" class=\"attachment-thumbnail size-thumbnail\" alt=\"\" loading=\"lazy\" \/><\/a>\n\t\t\t<\/dt><\/dl><dl class='gallery-item'>\n\t\t\t<dt class='gallery-icon landscape'>\n\t\t\t\t<a href='https:\/\/www.reabilitar.org.br\/ceir\/corpo-clinico\/20160220070425-3\/'><img width=\"150\" height=\"150\" src=\"https:\/\/www.reabilitar.org.br\/ceir\/wp-content\/uploads\/2016\/03\/20160220070425-150x150.jpg\" class=\"attachment-thumbnail size-thumbnail\" alt=\"\" loading=\"lazy\" \/><\/a>\n\t\t\t<\/dt><\/dl><dl class='gallery-item'>\n\t\t\t<dt class='gallery-icon landscape'>\n\t\t\t\t<a href='https:\/\/www.reabilitar.org.br\/ceir\/corpo-clinico\/4420d81fc7_media-2\/'><img width=\"150\" height=\"150\" src=\"https:\/\/www.reabilitar.org.br\/ceir\/wp-content\/uploads\/2016\/03\/4420d81fc7_media-1-150x150.jpg\" class=\"attachment-thumbnail size-thumbnail\" alt=\"\" loading=\"lazy\" \/><\/a>\n\t\t\t<\/dt><\/dl><br style=\"clear: both\" \/>\n\t\t<\/div>\n\n<hr \/>\n<p style=\"text-align: center;\">Cardiologia \u00a0&#8211; Cl\u00ednica M\u00e9dica \u00a0&#8211; \u00a0 Neurologia \u00a0&#8211; \u00a0Neuropediatria \u00a0&#8211; \u00a0Ortopedia \u00a0&#8211; \u00a0Pediatria \u00a0&#8211; \u00a0Urologia<\/p>\n<p style=\"text-align: center;\">Otorrinolaringologia \u00a0&#8211; \u00a0Enfermagem \u00a0&#8211; \u00a0Nutri\u00e7\u00e3o\u00a0 \u00a0&#8211; Dermatologia \u00a0&#8211; \u00a0 Fisiatra<\/p>\n<hr \/>\n<p style=\"text-align: center;\"><span style=\"color: #0000ff;\"><b>Para mais informa\u00e7\u00f5es e esclarecimentos:<\/b><\/span><\/p>\n<p style=\"text-align: center;\"><span style=\"color: #0000ff;\"><b>(86) 3198-1500 ou <b>ceir@ceir.org.br<\/b><\/b><\/span><\/p>\n<hr \/>\n<p style=\"text-align: center;\">Estamos localizados na Avenida Higino Cunha, N\u00ba 1515, no Bairro Ilhotas, em Teresina \u2013 Piau\u00ed.<\/p>\n<hr \/>\n<h6><span style=\"color: #808080;\">\u00a0Texto: Cl\u00e1udia Alves\u00a0\u2013 Comunica\u00e7\u00e3o\u00a0Ceir<\/span><\/h6>\n<hr \/>\n<p>&nbsp;<\/p>\n<p>&nbsp;<\/p>\n<p>&nbsp;<\/p>\n","protected":false},"excerpt":{"rendered":"<p>Aqui voc\u00ea encontra um corpo cl\u00ednico com especialistas altamente qualificados para atender \u00e0s necessidades de cada pessoa com defici\u00eancia. Cardiologia \u00a0&#8211; Cl\u00ednica M\u00e9dica \u00a0&#8211; \u00a0 Neurologia \u00a0&#8211; \u00a0Neuropediatria \u00a0&#8211; \u00a0Ortopedia \u00a0&#8211; \u00a0Pediatria \u00a0&#8211; \u00a0Urologia Otorrinolaringologia \u00a0&#8211; \u00a0Enfermagem \u00a0&#8211; \u00a0Nutri\u00e7\u00e3o\u00a0 \u00a0&#8211; Dermatologia \u00a0&#8211; \u00a0 Fisiatra Para mais informa\u00e7\u00f5es e esclarecimentos: (86) 3198-1500 ou ceir@ceir.org.br Estamos localizados [&hellip;]<\/p>\n","protected":false},"author":2,"featured_media":0,"parent":0,"menu_order":0,"comment_status":"closed","ping_status":"closed","template":"","meta":[],"acf":[],"_links":{"self":[{"href":"https:\/\/www.reabilitar.org.br\/ceir\/wp-json\/wp\/v2\/pages\/194"}],"collection":[{"href":"https:\/\/www.reabilitar.org.br\/ceir\/wp-json\/wp\/v2\/pages"}],"about":[{"href":"https:\/\/www.reabilitar.org.br\/ceir\/wp-json\/wp\/v2\/types\/page"}],"author":[{"embeddable":true,"href":"https:\/\/www.reabilitar.org.br\/ceir\/wp-json\/wp\/v2\/users\/2"}],"replies":[{"embeddable":true,"href":"https:\/\/www.reabilitar.org.br\/ceir\/wp-json\/wp\/v2\/comments?post=194"}],"version-history":[{"count":33,"href":"https:\/\/www.reabilitar.org.br\/ceir\/wp-json\/wp\/v2\/pages\/194\/revisions"}],"predecessor-version":[{"id":12823,"href":"https:\/\/www.reabilitar.org.br\/ceir\/wp-json\/wp\/v2\/pages\/194\/revisions\/12823"}],"wp:attachment":[{"href":"https:\/\/www.reabilitar.org.br\/ceir\/wp-json\/wp\/v2\/media?parent=194"}],"curies":[{"name":"wp","href":"https:\/\/api.w.org\/{rel}","templated":true}]}}