{"id":197,"date":"2016-03-28T00:57:29","date_gmt":"2016-03-28T00:57:29","guid":{"rendered":"https:\/\/www.reabilitar.org.br\/ceir\/?page_id=197"},"modified":"2017-02-18T15:00:36","modified_gmt":"2017-02-18T18:00:36","slug":"cursos-2","status":"publish","type":"page","link":"https:\/\/www.reabilitar.org.br\/ceir\/cursos-2\/","title":{"rendered":"Cursos"},"content":{"rendered":"<hr \/>\n<p style=\"text-align: center;\"><em>O sucesso do tratamento que realizamos tamb\u00e9m depende da sua continuidade fora do nosso Centro.<\/em><\/p>\n<hr \/>\n<p style=\"text-align: justify;\"><img loading=\"lazy\" class=\"wp-image-385 aligncenter\" src=\"http:\/\/marcosiran.com.br\/ceir\/wp-content\/uploads\/2016\/03\/Curso-para-pais-300x226.jpg\" alt=\"\" width=\"500\" height=\"376\" srcset=\"https:\/\/www.reabilitar.org.br\/ceir\/wp-content\/uploads\/2016\/03\/Curso-para-pais-300x226.jpg 300w, https:\/\/www.reabilitar.org.br\/ceir\/wp-content\/uploads\/2016\/03\/Curso-para-pais-768x578.jpg 768w, https:\/\/www.reabilitar.org.br\/ceir\/wp-content\/uploads\/2016\/03\/Curso-para-pais-1024x771.jpg 1024w\" sizes=\"(max-width: 500px) 100vw, 500px\" \/><\/p>\n<hr \/>\n<p style=\"text-align: justify;\">Para que pacientes, familiares e cuidadores possam dar continuidade ao tratamento em casa, realizamos orienta\u00e7\u00f5es por meio de palestras e cursos gratuitos, que fazem parte do nosso programa de reabilita\u00e7\u00e3o.<\/p>\n<p style=\"text-align: justify;\">Ao final de cada curso, que possui dura\u00e7\u00e3o de 20h, ministradas em tr\u00eas meses, um certificado de participa\u00e7\u00e3o \u00e9 entregue aos participantes.<\/p>\n<hr \/>\n<p style=\"text-align: justify;\"><strong>Atualmente, realizamos\u00a0os seguintes cursos:<\/strong><\/p>\n<hr \/>\n<p><strong>*<\/strong>Curso para pais de crian\u00e7as com microcefalia;<\/p>\n<p><strong>*<\/strong>Curso para pacientes amputados, com les\u00e3o medular ou les\u00e3o encef\u00e1lica;<\/p>\n<p><strong>*<\/strong>Curso para pais de pessoas com paralisia cerebral;<\/p>\n<p><strong>*<\/strong>Curso para pais de pessoas com S\u00edndrome de Down, defici\u00eancia intelectual ou Transtornos do Espectro Autista (TEA).<\/p>\n<hr \/>\n<p style=\"text-align: center;\"><span style=\"color: #0000ff;\"><b>Para mais informa\u00e7\u00f5es e esclarecimentos:<\/b><\/span><\/p>\n<p style=\"text-align: center;\"><span style=\"color: #0000ff;\"><b>(86) 3198-1500 ou <b>ceir@ceir.org.br<\/b><\/b><\/span><\/p>\n<hr \/>\n<p style=\"text-align: center;\">Estamos localizados na Avenida Higino Cunha, N\u00ba 1515, no Bairro Ilhotas, em Teresina \u2013 Piau\u00ed.<\/p>\n<hr \/>\n<h6><span style=\"color: #808080;\">\u00a0Texto: Cl\u00e1udia Alves\u00a0\u2013 Comunica\u00e7\u00e3o\u00a0Ceir<\/span><\/h6>\n<hr \/>\n<p>&nbsp;<\/p>\n<p>&nbsp;<\/p>\n<p>&nbsp;<\/p>\n","protected":false},"excerpt":{"rendered":"<p>O sucesso do tratamento que realizamos tamb\u00e9m depende da sua continuidade fora do nosso Centro. Para que pacientes, familiares e cuidadores possam dar continuidade ao tratamento em casa, realizamos orienta\u00e7\u00f5es por meio de palestras e cursos gratuitos, que fazem parte do nosso programa de reabilita\u00e7\u00e3o. Ao final de cada curso, que possui dura\u00e7\u00e3o de 20h, [&hellip;]<\/p>\n","protected":false},"author":2,"featured_media":0,"parent":0,"menu_order":0,"comment_status":"closed","ping_status":"closed","template":"","meta":[],"acf":[],"_links":{"self":[{"href":"https:\/\/www.reabilitar.org.br\/ceir\/wp-json\/wp\/v2\/pages\/197"}],"collection":[{"href":"https:\/\/www.reabilitar.org.br\/ceir\/wp-json\/wp\/v2\/pages"}],"about":[{"href":"https:\/\/www.reabilitar.org.br\/ceir\/wp-json\/wp\/v2\/types\/page"}],"author":[{"embeddable":true,"href":"https:\/\/www.reabilitar.org.br\/ceir\/wp-json\/wp\/v2\/users\/2"}],"replies":[{"embeddable":true,"href":"https:\/\/www.reabilitar.org.br\/ceir\/wp-json\/wp\/v2\/comments?post=197"}],"version-history":[{"count":26,"href":"https:\/\/www.reabilitar.org.br\/ceir\/wp-json\/wp\/v2\/pages\/197\/revisions"}],"predecessor-version":[{"id":3599,"href":"https:\/\/www.reabilitar.org.br\/ceir\/wp-json\/wp\/v2\/pages\/197\/revisions\/3599"}],"wp:attachment":[{"href":"https:\/\/www.reabilitar.org.br\/ceir\/wp-json\/wp\/v2\/media?parent=197"}],"curies":[{"name":"wp","href":"https:\/\/api.w.org\/{rel}","templated":true}]}}