{"id":7528,"date":"2017-11-01T11:28:56","date_gmt":"2017-11-01T14:28:56","guid":{"rendered":"https:\/\/www.reabilitar.org.br\/ceir\/?page_id=7528"},"modified":"2018-07-02T16:20:09","modified_gmt":"2018-07-02T19:20:09","slug":"trabalhos-cientificos","status":"publish","type":"page","link":"https:\/\/www.reabilitar.org.br\/ceir\/trabalhos-cientificos\/","title":{"rendered":""},"content":{"rendered":"<hr \/>\n<p><span style=\"color: #008000;\"><strong>Acompanhe os trabalhos realizados em nosso Centro!\u00a0?<\/strong><\/span><\/p>\n<hr \/>\n<p style=\"text-align: center;\"><span style=\"color: #0000ff;\"><strong>Ambulat\u00f3rio de Espasticidade\u00a0<\/strong><\/span><\/p>\n<hr \/>\n<hr \/>\n<p><span style=\"color: #000000;\">?<strong>Premiado no\u00a0XVII Congresso da Sociedade Nordestina de Neurocirurgia\u00a0?:\u00a0<\/strong><a style=\"color: #000000;\" href=\"https:\/\/www.reabilitar.org.br\/ceir\/wp-content\/uploads\/2017\/11\/12.-Melhora-da-marcha-ap\u00f3s-Rizotomia-Dorsal-Seletiva-em-paciente-com-espasticidade-secund\u00e1ria-a-Paralisia-Cerebral.pdf\" target=\"_blank\">Melhora da marcha ap\u00f3s Rizotomia Dorsal Seletiva em paciente com espasticidade secund\u00e1ria a Paralisia Cerebral<\/a><\/span><\/p>\n<p style=\"text-align: justify;\"><span style=\"color: #000000;\">?<a style=\"color: #000000;\" href=\"https:\/\/www.reabilitar.org.br\/ceir\/wp-content\/uploads\/2017\/11\/1.-Efic\u00e1cia-e-seguran\u00e7a-no-uso-toxina-botul\u00ednica-em-crian\u00e7as-com-idade-inferior-a-2-anos-com-diagn\u00f3stico-de-espasticida.pdf\" target=\"_blank\">Efic\u00e1cia e seguran\u00e7a no uso toxina botul\u00ednica em crian\u00e7as com idade inferior a 2 anos com diagn\u00f3stico de espasticidade<\/a><\/span><\/p>\n<p style=\"text-align: justify;\"><span style=\"color: #000000;\">?<a style=\"color: #000000;\" href=\"https:\/\/www.reabilitar.org.br\/ceir\/wp-content\/uploads\/2017\/11\/2.-Recupera\u00e7\u00e3o-da-marcha-ap\u00f3s-rizotomia-dorsal-seletiva-unilateral-em-paciente-com-sequela-de-traumatismo-cr\u00e2nio-encef\u00e1.pdf\" target=\"_blank\">Recupera\u00e7\u00e3o da marcha ap\u00f3s rizotomia dorsal seletiva unilateral em paciente com sequela de traumatismo cr\u00e2nio encef\u00e1lico<\/a><\/span><\/p>\n<p style=\"text-align: justify;\"><span style=\"color: #000000;\">?<a style=\"color: #000000;\" href=\"https:\/\/www.reabilitar.org.br\/ceir\/wp-content\/uploads\/2017\/11\/3.-Melhora-funcional-ap\u00f3s-uso-de-bomba-baclofeno-intratecal-em-paciente-com-paraparesia-esp\u00e1tica.pdf\" target=\"_blank\">Melhora funcional ap\u00f3s uso de bomba baclofeno intratecal em paciente com paraparesia esp\u00e1tica<\/a><\/span><\/p>\n<p style=\"text-align: justify;\"><span style=\"color: #000000;\">?<a style=\"color: #000000;\" href=\"https:\/\/www.reabilitar.org.br\/ceir\/wp-content\/uploads\/2017\/11\/Protocolo-de-reabilita\u00e7\u00e3o-fisioterap\u00eautica-p\u00f3s-rizotomia-dorsal-seletiva-aplicada-no-Centro-Integrado-de-Reabilita\u00e7\u00e3o.pdf\" target=\"_blank\">Protocolo de reabilita\u00e7\u00e3o fisioterap\u00eautica p\u00f3s rizotomia dorsal seletiva aplicada no\u00a0Centro Integrado de Reabilita\u00e7\u00e3o<\/a><\/span><\/p>\n<p style=\"text-align: justify;\"><span style=\"color: #000000;\">?<a style=\"color: #000000;\" href=\"https:\/\/www.reabilitar.org.br\/ceir\/wp-content\/uploads\/2017\/11\/5.-Recupera\u00e7\u00e3o-funcional-ap\u00f3s-neurotomia-do-musculocut\u00e2neo-em-paciente-com-espasticidade-ap\u00f3s-les\u00e3o-encef\u00e1lica-adquirid.pdf\" target=\"_blank\">Recupera\u00e7\u00e3o funcional ap\u00f3s neurotomia do musculocut\u00e2neo em paciente com espasticidade ap\u00f3s les\u00e3o encef\u00e1lica adquirida<\/a><\/span><\/p>\n<p style=\"text-align: justify;\"><span style=\"color: #000000;\">?<a style=\"color: #000000;\" href=\"https:\/\/www.reabilitar.org.br\/ceir\/wp-content\/uploads\/2017\/11\/6.-Recupera\u00e7\u00e3o-funcional-com-uso-de-toxina-botul\u00ednica-no-tratamento-da-espasticidade-secund\u00e1ria-a-Abscesso-Cerebral.pdf\" target=\"_blank\">Recupera\u00e7\u00e3o funcional com uso de toxina botul\u00ednica no tratamento da espasticidade secund\u00e1ria a Abscesso Cerebral<\/a><\/span><\/p>\n<p style=\"text-align: justify;\"><span style=\"color: #000000;\">?<a style=\"color: #000000;\" href=\"https:\/\/www.reabilitar.org.br\/ceir\/wp-content\/uploads\/2017\/11\/7.-Melhora-na-dor-com-uso-de-toxina-botul\u00ednica-no-tratamento-da-espasticidade-secund\u00e1ria-a-paralisia-cerebral.pdf\" target=\"_blank\">Melhora da dor com uso de toxina botul\u00ednica no tratamento da espasticidade secund\u00e1ria a paralisia cerebral<\/a><\/span><\/p>\n<p style=\"text-align: justify;\"><span style=\"color: #000000;\">?<a style=\"color: #000000;\" href=\"https:\/\/www.reabilitar.org.br\/ceir\/wp-content\/uploads\/2017\/11\/8.-Efeitos-da-associa\u00e7\u00e3o-da-terapia-por-contens\u00e3o-induzida-com-a-terapia-do-espelho-na-reabilita\u00e7\u00e3o-de-paciente-com-seq.pdf\" target=\"_blank\">Efeitos da associa\u00e7\u00e3o da terapia por contens\u00e3o induzida com a terapia do espelho na reabilita\u00e7\u00e3o de paciente com sequela neurol\u00f3gica por acidente vascular encef\u00e1lico<\/a><\/span><\/p>\n<p style=\"text-align: justify;\"><span style=\"color: #000000;\">?<a style=\"color: #000000;\" href=\"https:\/\/www.reabilitar.org.br\/ceir\/wp-content\/uploads\/2017\/11\/9.-Recupera\u00e7\u00e3o-funcional-ap\u00f3s-rizotomia-dorsal-seletiva-em-paciente-com-espasticidade-por-traumatismo-radimedular.pdf\" target=\"_blank\">Recupera\u00e7\u00e3o funcional ap\u00f3s rizotomia dorsal seletiva em paciente com espasticidade por traumatismo radimedular<\/a><\/span><\/p>\n<p style=\"text-align: justify;\"><span style=\"color: #000000;\">?<a style=\"color: #000000;\" href=\"https:\/\/www.reabilitar.org.br\/ceir\/wp-content\/uploads\/2017\/11\/10.-Rizotomia-dorsal-seletiva-cervical-recuperou-a-fun\u00e7\u00e3o-da-m\u00e3o-par\u00e9tica-secund\u00e1ria-a-acidente-vascular-encef\u00e1lico-hem.pdf\" target=\"_blank\">Rizotomia dorsal seletiva cervical recuperou a fun\u00e7\u00e3o da m\u00e3o par\u00e9tica secund\u00e1ria a acidente vascular encef\u00e1lico hemorr\u00e1gico<\/a><\/span><\/p>\n<p style=\"text-align: justify;\">?<a style=\"color: #000000;\" href=\"https:\/\/www.reabilitar.org.br\/ceir\/wp-content\/uploads\/2017\/11\/11.-Melhora-funcional-em-membros-superiores-ap\u00f3s-rizotomia-dorsal-seletiva-lombar-para-tratamento-da-espasticidade-em-m.pdf\" target=\"_blank\">Melhora funcional em membros superiores ap\u00f3s rizotomia dorsal seletiva lombar para tratamento da espasticidade em membros inferiores de pacientes com paralisia cerebral<\/a><\/p>\n<p style=\"text-align: justify;\">?Sintomas da Depress\u00e3o ap\u00f3s Les\u00e3o Encef\u00e1lica: evid\u00eancias de validade para EBADEP-HOSP-AMB<\/p>\n<hr \/>\n<hr \/>\n<p style=\"text-align: center;\"><span style=\"color: #0000ff;\"><strong>Reabilita\u00e7\u00e3o F\u00edsica<\/strong><\/span><\/p>\n<hr \/>\n<hr \/>\n<p><span style=\"color: #000000;\"><a style=\"color: #000000;\" href=\"https:\/\/www.reabilitar.org.br\/ceir\/wp-content\/uploads\/2017\/11\/A-FISIOTERAPIA-AQU\u00c1TICA-EM-PACIENTES-P\u00d3S-ACIDENTE-VASCULAR-ENCEF\u00c1LICO-E-SUA-REPERCURS\u00c3O-NA-FUNCIONALIDADE-RELATO-DE-CASO.pdf\" target=\"_blank\">?A fisioterapia aqu\u00e1tica em pacientes p\u00f3s-acidente vascular encef\u00e1lico e sua repercuss\u00e3o na funcionalidade: relato de caso<\/a><\/span><\/p>\n<p><span style=\"color: #000000;\">?<a style=\"color: #000000;\" href=\"https:\/\/www.reabilitar.org.br\/ceir\/wp-content\/uploads\/2017\/11\/A-PERCEP\u00c7\u00c3O-DE-FISIOTERAPEUTAS-SOBRE-A-INDICA\u00c7\u00c3O-DE-\u00d3RTESES-PARA-PACIENTES-COM-COMPROMETIMENTO-NEUROMOTOR-DO-MEMBRO-SUPERIOR.pdf\" target=\"_blank\">A percep\u00e7\u00e3o de fisioterapeutas sobre a indica\u00e7\u00e3o de \u00f3rteses para pacientes com comprometimento neuromotor do membro superior<\/a><\/span><\/p>\n<p><span style=\"color: #000000;\">?<a style=\"color: #000000;\" href=\"https:\/\/www.reabilitar.org.br\/ceir\/wp-content\/uploads\/2017\/11\/AVALIA\u00c7\u00c3O-DA-FUNCIONALIDADE-EM-CRIAN\u00c7AS-COM-PARALISIA-CEREBRAL-POR-MEIO-DO-INVENT\u00c1RIO-DE-AVALIA\u00c7\u00c3O-PEDI\u00c1TRICA-DE-INCAPACIDADE-PEDI.pdf\" target=\"_blank\">Avalia\u00e7\u00e3o da funcionalidade em crian\u00e7as com paralisia cerebral por meio do invent\u00e1rio de avalia\u00e7\u00e3o pedi\u00e1trica de incapacidade\u00a0<\/a><\/span><\/p>\n<p><span style=\"color: #000000;\">?<a style=\"color: #000000;\" href=\"https:\/\/www.reabilitar.org.br\/ceir\/wp-content\/uploads\/2017\/11\/Independ\u00eancia-funcional-e-qualidade-de-vida-em-lesados-medulares-atendidos-em-um-centro-de-refer\u00eancia.pdf\" target=\"_blank\">Independ\u00eancia funcional e qualidade de vida em lesados medulares atendidos em um centro de refer\u00eancia<\/a><\/span><\/p>\n<p><span style=\"color: #000000;\">?<a style=\"color: #000000;\" href=\"https:\/\/www.reabilitar.org.br\/ceir\/wp-content\/uploads\/2017\/11\/PERCEP\u00c7\u00c3O-DOS-CUIDADORES-DE-CRIAN\u00c7AS-COM-DOEN\u00c7AS-NEUROL\u00d3GICAS-SOBRE-O-TRATAMENTO-FISIOTERAP\u00caUTICO.pdf\" target=\"_blank\">Percep\u00e7\u00e3o dos cuidadores de crian\u00e7as com doen\u00e7as neurol\u00f3gicas sobre o tratamento fisioterap\u00eautico<\/a><\/span><\/p>\n<p><span style=\"color: #000000;\">?<a style=\"color: #000000;\" href=\"https:\/\/www.reabilitar.org.br\/ceir\/wp-content\/uploads\/2017\/11\/PERFIL-EPIDEMIOL\u00d3GICO-DE-PACIENTES-COM-TRAUMATISMO-RAQUIMEDULAR-ATENDIDOS-EM-UM-CENTRO-DE-REABILITA\u00c7\u00c3O.pdf\" target=\"_blank\">Perfil epidemiol\u00f3gico de pacientes com traumatismo raquimedular atendidos em um centro de reabilita\u00e7\u00e3o<\/a><\/span><\/p>\n<p><span style=\"color: #000000;\">?<a style=\"color: #000000;\" href=\"https:\/\/www.reabilitar.org.br\/ceir\/wp-content\/uploads\/2017\/11\/PERFIL-EPIDEMIOL\u00d3GICO-DOS-AMPUTADOS-DE-MEMBRO-INFERIOR-EM-UM-CENTRO-DE-REABILITA\u00c7\u00c3O.pdf\" target=\"_blank\">Perfil epidemiol\u00f3gico dos amputados de membro inferior em um centro de reabilita\u00e7\u00e3o<\/a><\/span><\/p>\n<p><span style=\"color: #000000;\">?<a style=\"color: #000000;\" href=\"https:\/\/www.reabilitar.org.br\/ceir\/wp-content\/uploads\/2017\/11\/PERFIL-EPIDEMIOL\u00d3GICO-DOS-PACIENTES-PEDI\u00c1TRICOS-USU\u00c1RIOS-DE-\u00d3RTESES-DE-MEMBRO-INFERIOR-EM-CENTRO-DE-REABILITA\u00c7\u00c3O-DE-REFER\u00caNCIA-EM-TERESINA.pdf\" target=\"_blank\">Perfil epidemiol\u00f3gico dos pacientes pedi\u00e1tricos usu\u00e1rios de \u00f3rteses de membro inferior em centro de reabilita\u00e7\u00e3o de refer\u00eancia em Teresina<\/a><\/span><\/p>\n<p><span style=\"color: #000000;\">?<a style=\"color: #000000;\" href=\"https:\/\/www.reabilitar.org.br\/ceir\/wp-content\/uploads\/2017\/11\/REALIDADE-VIRTUAL-NA-REABILITA\u00c7\u00c3O-DO-HEMICORPO-PAR\u00c9TICO-P\u00d3S-ACIDENTE-VASCULAR-ENCEF\u00c1LICO.pdf\" target=\"_blank\">Realidade virtual na reabilita\u00e7\u00e3o do hemicorpo par\u00e9tico p\u00f3s-acidente vascular encef\u00e1lico<\/a><\/span><\/p>\n<hr \/>\n<hr \/>\n<p style=\"text-align: center;\"><span style=\"color: #0000ff;\"><strong>Reabilita\u00e7\u00e3o Intelectual<\/strong><\/span><\/p>\n<p><a href=\"https:\/\/www.reabilitar.org.br\/ceir\/wp-content\/uploads\/2017\/11\/PERFIL-ANTROPOM\u00c9TRICO-E-CONSUMO-ALIMENTAR-DE-CRIAN\u00c7AS-COM-MICROCEFALIA.pdf\" target=\"_blank\">?Sintomas da Depress\u00e3o ap\u00f3s Les\u00e3o Encef\u00e1lica: evid\u00eancias de validade para EBADEP-HOSP-AMB<\/a><\/p>\n<p style=\"text-align: center;\"><span style=\"color: #0000ff;\"><strong>Cl\u00ednica de Microcefalia<\/strong><\/span><\/p>\n<hr \/>\n<hr \/>\n<p><span style=\"color: #000000;\"><a style=\"color: #000000;\" href=\"https:\/\/www.reabilitar.org.br\/ceir\/wp-content\/uploads\/2017\/11\/PERFIL-ANTROPOM\u00c9TRICO-E-CONSUMO-ALIMENTAR-DE-CRIAN\u00c7AS-COM-MICROCEFALIA.pdf\" target=\"_blank\">?Perfil antropom\u00e9trico e consumo alimentar de crian\u00e7as com microcefalia<\/a><\/span><\/p>\n<hr \/>\n<hr \/>\n","protected":false},"excerpt":{"rendered":"<p>Acompanhe os trabalhos realizados em nosso Centro!\u00a0? Ambulat\u00f3rio de Espasticidade\u00a0 ?Premiado no\u00a0XVII Congresso da Sociedade Nordestina de Neurocirurgia\u00a0?:\u00a0Melhora da marcha ap\u00f3s Rizotomia Dorsal Seletiva em paciente com espasticidade secund\u00e1ria a Paralisia Cerebral ?Efic\u00e1cia e seguran\u00e7a no uso toxina botul\u00ednica em crian\u00e7as com idade inferior a 2 anos com diagn\u00f3stico de espasticidade ?Recupera\u00e7\u00e3o da marcha ap\u00f3s [&hellip;]<\/p>\n","protected":false},"author":2,"featured_media":0,"parent":0,"menu_order":0,"comment_status":"closed","ping_status":"closed","template":"","meta":[],"acf":[],"_links":{"self":[{"href":"https:\/\/www.reabilitar.org.br\/ceir\/wp-json\/wp\/v2\/pages\/7528"}],"collection":[{"href":"https:\/\/www.reabilitar.org.br\/ceir\/wp-json\/wp\/v2\/pages"}],"about":[{"href":"https:\/\/www.reabilitar.org.br\/ceir\/wp-json\/wp\/v2\/types\/page"}],"author":[{"embeddable":true,"href":"https:\/\/www.reabilitar.org.br\/ceir\/wp-json\/wp\/v2\/users\/2"}],"replies":[{"embeddable":true,"href":"https:\/\/www.reabilitar.org.br\/ceir\/wp-json\/wp\/v2\/comments?post=7528"}],"version-history":[{"count":14,"href":"https:\/\/www.reabilitar.org.br\/ceir\/wp-json\/wp\/v2\/pages\/7528\/revisions"}],"predecessor-version":[{"id":9881,"href":"https:\/\/www.reabilitar.org.br\/ceir\/wp-json\/wp\/v2\/pages\/7528\/revisions\/9881"}],"wp:attachment":[{"href":"https:\/\/www.reabilitar.org.br\/ceir\/wp-json\/wp\/v2\/media?parent=7528"}],"curies":[{"name":"wp","href":"https:\/\/api.w.org\/{rel}","templated":true}]}}