{"id":786,"date":"2016-05-24T13:52:00","date_gmt":"2016-05-24T13:52:00","guid":{"rendered":"https:\/\/www.reabilitar.org.br\/ceir\/?page_id=786"},"modified":"2019-01-04T17:33:26","modified_gmt":"2019-01-04T20:33:26","slug":"estatisticas-anuais","status":"publish","type":"page","link":"https:\/\/www.reabilitar.org.br\/ceir\/estatisticas-anuais\/","title":{"rendered":"Estat\u00edsticas Anuais"},"content":{"rendered":"<p>&nbsp;<\/p>\n<p><strong>Confira as estat\u00edsticas anuais do Centro Integrado de Reabilita\u00e7\u00e3o (Ceir):<\/strong><\/p>\n<p>&nbsp;<\/p>\n<p><span style=\"color: #0000ff;\"><a style=\"color: #0000ff;\" href=\"https:\/\/www.reabilitar.org.br\/ceir\/wp-content\/uploads\/2016\/05\/Estat\u00edstica-Anual-2008.pdf\" target=\"_blank\" rel=\"noopener\">2008<\/a>\u00a0\u00a0<span style=\"color: #000000;\">I\u00a0<\/span>\u00a0 <a style=\"color: #0000ff;\" href=\"https:\/\/www.reabilitar.org.br\/ceir\/wp-content\/uploads\/2016\/05\/Estat\u00edstica-Anual-2009.pdf\" target=\"_blank\" rel=\"noopener\">2009<\/a>\u00a0\u00a0<span style=\"color: #000000;\"> I\u00a0<\/span>\u00a0 <a style=\"color: #0000ff;\" href=\"https:\/\/www.reabilitar.org.br\/ceir\/wp-content\/uploads\/2016\/05\/Estat\u00edstica-Anual-2010.pdf\" target=\"_blank\" rel=\"noopener\">2010<\/a>\u00a0\u00a0<span style=\"color: #000000;\"> I \u00a0<\/span> <a style=\"color: #0000ff;\" href=\"https:\/\/www.reabilitar.org.br\/ceir\/wp-content\/uploads\/2016\/05\/Estat\u00edstica-Anual-2011.pdf\" target=\"_blank\" rel=\"noopener\">2011<\/a>\u00a0 \u00a0<span style=\"color: #000000;\">I<\/span>\u00a0 \u00a0<a style=\"color: #0000ff;\" href=\"https:\/\/www.reabilitar.org.br\/ceir\/wp-content\/uploads\/2016\/05\/Estat\u00edstica-Anual-2012.pdf\" target=\"_blank\" rel=\"noopener\">2012<\/a>\u00a0 \u00a0<span style=\"color: #000000;\">I<\/span>\u00a0 \u00a0<a style=\"color: #0000ff;\" href=\"https:\/\/www.reabilitar.org.br\/ceir\/wp-content\/uploads\/2016\/05\/Estat\u00edstica-Anual-2013.pdf\" target=\"_blank\" rel=\"noopener\">2013\u00a0<\/a>\u00a0 <span style=\"color: #000000;\">I<\/span>\u00a0 \u00a0<a style=\"color: #0000ff;\" href=\"https:\/\/www.reabilitar.org.br\/ceir\/wp-content\/uploads\/2016\/05\/Estat\u00edstica-Anual-2014.pdf\" target=\"_blank\" rel=\"noopener\">2014<\/a><span style=\"color: #000000;\">\u00a0 \u00a0I<\/span>\u00a0 \u00a0<a style=\"color: #0000ff;\" href=\"https:\/\/www.reabilitar.org.br\/ceir\/wp-content\/uploads\/2016\/05\/Estat\u00edstica-Anual-2015.pdf\" target=\"_blank\" rel=\"noopener\">2015<\/a>\u00a0\u00a0\u00a0<span style=\"color: #000000;\">I \u00a0<\/span> <a style=\"color: #0000ff;\" href=\"https:\/\/www.reabilitar.org.br\/ceir\/wp-content\/uploads\/2017\/01\/DADOS-ESTAT\u00cdSTICOS-ANO-2016.pdf\" target=\"_blank\" rel=\"noopener\">2016<\/a>\u00a0\u00a0<\/span>I<span style=\"color: #0000ff;\"> \u00a0<a style=\"color: #0000ff;\" href=\"https:\/\/www.reabilitar.org.br\/ceir\/wp-content\/uploads\/2018\/01\/DADOS-ESTAT\u00cdSTICOS-2017-2.pdf\" target=\"_blank\" rel=\"noopener\">2017<\/a>\u00a0<\/span>I<span style=\"color: #0000ff;\"><span style=\"color: #0000ff;\">\u00a0 <a style=\"color: #0000ff;\" href=\"https:\/\/www.reabilitar.org.br\/ceir\/wp-content\/uploads\/2019\/01\/DADOS-ESTAT\u00cdSTICOS-2018.pdf\">\u00a02018<\/a><\/span><\/span><\/p>\n","protected":false},"excerpt":{"rendered":"<p>&nbsp; Confira as estat\u00edsticas anuais do Centro Integrado de Reabilita\u00e7\u00e3o (Ceir): &nbsp; 2008\u00a0\u00a0I\u00a0\u00a0 2009\u00a0\u00a0 I\u00a0\u00a0 2010\u00a0\u00a0 I \u00a0 2011\u00a0 \u00a0I\u00a0 \u00a02012\u00a0 \u00a0I\u00a0 \u00a02013\u00a0\u00a0 I\u00a0 \u00a02014\u00a0 \u00a0I\u00a0 \u00a02015\u00a0\u00a0\u00a0I \u00a0 2016\u00a0\u00a0I \u00a02017\u00a0I\u00a0 \u00a02018<\/p>\n","protected":false},"author":2,"featured_media":0,"parent":0,"menu_order":0,"comment_status":"closed","ping_status":"closed","template":"","meta":[],"acf":[],"_links":{"self":[{"href":"https:\/\/www.reabilitar.org.br\/ceir\/wp-json\/wp\/v2\/pages\/786"}],"collection":[{"href":"https:\/\/www.reabilitar.org.br\/ceir\/wp-json\/wp\/v2\/pages"}],"about":[{"href":"https:\/\/www.reabilitar.org.br\/ceir\/wp-json\/wp\/v2\/types\/page"}],"author":[{"embeddable":true,"href":"https:\/\/www.reabilitar.org.br\/ceir\/wp-json\/wp\/v2\/users\/2"}],"replies":[{"embeddable":true,"href":"https:\/\/www.reabilitar.org.br\/ceir\/wp-json\/wp\/v2\/comments?post=786"}],"version-history":[{"count":33,"href":"https:\/\/www.reabilitar.org.br\/ceir\/wp-json\/wp\/v2\/pages\/786\/revisions"}],"predecessor-version":[{"id":10603,"href":"https:\/\/www.reabilitar.org.br\/ceir\/wp-json\/wp\/v2\/pages\/786\/revisions\/10603"}],"wp:attachment":[{"href":"https:\/\/www.reabilitar.org.br\/ceir\/wp-json\/wp\/v2\/media?parent=786"}],"curies":[{"name":"wp","href":"https:\/\/api.w.org\/{rel}","templated":true}]}}